{"id":20350,"date":"2023-01-11T15:22:55","date_gmt":"2023-01-11T15:22:55","guid":{"rendered":"http:\/\/www.pm10jaslo.pl\/?page_id=20350"},"modified":"2026-04-02T18:07:58","modified_gmt":"2026-04-02T18:07:58","slug":"deklaracja-dostepnosci","status":"publish","type":"page","link":"https:\/\/www.pm10jaslo.pl\/?page_id=20350","title":{"rendered":"Deklaracja dost\u0119pno\u015bci"},"content":{"rendered":"<p style=\"text-align: justify;\">&nbsp; &nbsp; &nbsp; &nbsp; <strong>Przedszkole Miejskie nr 10 w Ja\u015ble<\/strong> zobowi\u0105zuje si\u0119 zapewni\u0107 dost\u0119pno\u015b\u0107 swojej strony internetowej zgodnie z przepisami ustawy z dnia 4 kwietnia 2019 r. o dost\u0119pno\u015bci cyfrowej stron internetowych i aplikacji mobilnych podmiot\u00f3w publicznych. O\u015bwiadczenie w sprawie dost\u0119pno\u015bci ma zastosowanie do strony internetowej <a href=\"http:\/\/www.pm10jaslo.pl\/\">http:\/\/www.pm10jaslo.pl\/<\/a><\/p>\n<p>&nbsp;<\/p>\n<p>Data publikacji strony internetowej: 1 luty 2015<\/p>\n<p>Data ostatniej du\u017cej aktualizacji: 14 luty 2025<\/p>\n<p>Data sporz\u0105dzenia deklaracji: 31 marca 2026<\/p>\n<p><strong><u>Status pod wzgl\u0119dem zgodno\u015bci z ustaw\u0105 <\/u><\/strong><\/p>\n<p>Strona internetowa jest <strong>cz\u0119\u015bciowo zgodna<\/strong> z ustaw\u0105 o dost\u0119pno\u015bci cyfrowej z powodu niezgodno\u015bci lub wy\u0142\u0105cze\u0144 wymienionych poni\u017cej.<\/p>\n<p><strong><u>Niezgodno\u015bci z za\u0142\u0105cznikiem do ustawy<\/u><\/strong><\/p>\n<ul>\n<li>cz\u0119\u015b\u0107 obraz\u00f3w nie posiada tekst\u00f3w alternatywnych<\/li>\n<li>materia\u0142y wideo nie posiadaj\u0105 napis\u00f3w dla os\u00f3b nies\u0142ysz\u0105cych<\/li>\n<li>materia\u0142y wideo nie posiadaj\u0105 audiodeskrypcji<\/li>\n<li>niekt\u00f3re dokumenty PDF nie s\u0105 dost\u0119pne cyfrowo (brak struktury, brak mo\u017cliwo\u015bci odczytu przez czytniki ekranowe)<\/li>\n<li>brak informacji o otwieraniu niekt\u00f3rych link\u00f3w w nowym oknie lub zak\u0142adce<\/li>\n<li>formularze mog\u0105 nie zawiera\u0107 dost\u0119pnych komunikat\u00f3w b\u0142\u0119d\u00f3w<\/li>\n<\/ul>\n<p><strong>Wy\u0142\u0105czenia:<\/strong><\/p>\n<ul>\n<li>Mapy s\u0105 wy\u0142\u0105czone z obowi\u0105zku zapewniania dost\u0119pno\u015bci.<\/li>\n<li>Tre\u015bci archiwalne opublikowane przed 23 wrze\u015bnia 2018 r. mog\u0105 nie by\u0107 dost\u0119pne<\/li>\n<\/ul>\n<p><strong><u>Przygotowanie deklaracji<\/u><\/strong><\/p>\n<p style=\"text-align: justify;\">Deklaracj\u0119 sporz\u0105dzono na podstawie samooceny przeprowadzonej przez podmiot publiczny oraz wytycznych WCAG 2.1 (Web Content Accessibility Guidelines) na poziomie AA i analizy dost\u0119pno\u015bci cyfrowej strony internetowej przeprowadzonej w dniu 31 marca 2026 r.<\/p>\n<p><a href=\"https:\/\/www.pm10jaslo.pl\/?page_id=22346\" target=\"_blank\" rel=\"noopener\"><strong>Link do raportu z analizy dost\u0119pno\u015bci cyfrowej<\/strong><\/a><\/p>\n<p>&nbsp;<\/p>\n<p><strong><u>Informacje zwrotne i dane <\/u><\/strong><strong><u>kontaktowe<\/u><\/strong><\/p>\n<p>&nbsp; &nbsp; &nbsp; &nbsp;W przypadku problem\u00f3w z dost\u0119pno\u015bci\u0105 strony internetowej prosimy o kontakt:<\/p>\n<ul>\n<li>osoba do kontaktu: Anna Kwiatkowska-dyrektor plac\u00f3wki<\/li>\n<\/ul>\n<ul>\n<li>e-mail: <a href=\"mailto:pm10@um.jaslo.pl\">pm10@um.jaslo.pl<\/a><\/li>\n<li>telefon: <span style=\"color: #ff0000;\">134463016<\/span><\/li>\n<\/ul>\n<p>T\u0105 sam\u0105 drog\u0105 mo\u017cna sk\u0142ada\u0107 wnioski o udost\u0119pnienie informacji niedost\u0119pnej oraz sk\u0142ada\u0107 \u017c\u0105dania zapewnienia dost\u0119pno\u015bci.<\/p>\n<p><strong>&nbsp;<\/strong><\/p>\n<p>&nbsp; &nbsp; &nbsp; &nbsp; <u>Ka\u017cdy ma prawo <\/u><\/p>\n<ul>\n<li>zg\u0142osi\u0107 uwagi dotycz\u0105ce dost\u0119pno\u015bci cyfrowej strony lub jej elementu,<\/li>\n<li>zg\u0142osi\u0107 \u017c\u0105danie zapewnienia dost\u0119pno\u015bci cyfrowej<\/li>\n<li>wnioskowa\u0107 o udost\u0119pnienie niedost\u0119pnej informacji w innej alternatywnej formie<\/li>\n<\/ul>\n<p>&nbsp;<\/p>\n<p><u>\u017b\u0105danie musi zawiera\u0107:<\/u><\/p>\n<ul>\n<li>dane kontaktowe osoby zg\u0142aszaj\u0105cej,<\/li>\n<li>swoje dane kontaktowe (np. nr telefonu, e-mail)<\/li>\n<li>wskazanie strony lub elementu strony, kt\u00f3rego dotyczy \u017c\u0105danie<\/li>\n<li>wskazanie dogodnej formy udost\u0119pnienia informacji \u2013 opis na czym polega problem i jaki spos\u00f3b rozwi\u0105zania by\u0142by najwygodniejsze.<\/li>\n<\/ul>\n<p>&nbsp;<\/p>\n<p style=\"text-align: justify;\">Na zg\u0142oszenie odpowiemy najszybciej jak to mo\u017cliwe, nie p\u00f3\u017aniej ni\u017c w ci\u0105gu 7 dni od jego otrzymania.Je\u015bli termin b\u0119dzie dla nas za kr\u00f3tki poinformujemy o tym. W tej informacji podamy nowy termin, do kt\u00f3rego poprawimy zg\u0142oszone b\u0142\u0119dy lub przygotujemy informacj\u0119 w alternatywny spos\u00f3b. Nowy termin nie b\u0119dzie d\u0142u\u017cszy ni\u017c 2 miesi\u0105ce.<\/p>\n<p style=\"text-align: justify;\">Je\u015bli nie b\u0119dziemy w stanie zapewni\u0107 dost\u0119pno\u015bci cyfrowej strony internetowej lub tre\u015bci, wskazanej w \u017c\u0105daniu, zaproponujemy dost\u0119p do nich w alternatywny spos\u00f3b.<\/p>\n<p><strong>Obs\u0142uga wniosk\u00f3w i skarg zwi\u0105zanych z dost\u0119pno\u015bci\u0105<\/strong><\/p>\n<p>Po wyczerpaniu tej procedury mo\u017cna tak\u017ce z\u0142o\u017cy\u0107 wniosek do <a href=\"https:\/\/www.rpo.gov.pl\/content\/jak-zglosic-sie-do-rzecznika-praw-obywatelskich\">Rzecznika Praw Obywatelskich<\/a>:&nbsp; <a href=\"http:\/\/www.rpo.gov.pl\">www.rpo.gov.pl<\/a>.<\/p>\n<p><strong>Dost\u0119pno\u015b\u0107 architektoniczna<\/strong><\/p>\n<p>Przedszkole Miejskie nr 10, ul. Ducala 3, 38-200 Jas\u0142o<\/p>\n<p>e-mail: <a href=\"mailto:pm10@um.jaslo.pl\">pm10@um.jaslo.pl<\/a><\/p>\n<p>telefon: 1344 630 16<\/p>\n<p style=\"text-align: justify;\">Budynek przedszkola znajduje si\u0119 w \u015brodkowej cz\u0119\u015bci miasta Jas\u0142a. Wej\u015bcie na teren przedszkola mo\u017cliwe jest przez furtk\u0119 zewn\u0119trzn\u0105. Jest jedno og\u00f3lnodost\u0119pne wej\u015bcie dla dzieci i rodzic\u00f3w. Przedszkole cz\u0119\u015bciowo zapewnia wolne od barier poziomych i pionowych przestrzeni komunikacyjnych budynku. Do wej\u015bcia prowadz\u0105 schody, kt\u00f3re wyposa\u017cone s\u0105 w por\u0119cze. Drzwi s\u0105 zabezpieczone zamkiem oraz wyposa\u017cone w dzwonek i videodomofon. Nad wej\u015bciem nie ma g\u0142o\u015bnik\u00f3w systemu naprowadzaj\u0105cego d\u017awi\u0119kowo osoby niewidome i s\u0142abo widz\u0105ce. W budynku sale zaj\u0119\u0107 dla dzieci i inne pomieszczenia&nbsp; s\u0105 oznaczone tabliczkami w alfabecie brajla. Brak jest natomiast toalety dla os\u00f3b niepe\u0142nosprawnych.<\/p>\n<p style=\"text-align: justify;\">Budynek przedszkola jest dwu poziomowy, wewn\u0105trz budynku nie wydzielono strefy kontroli. W budynku nie ma windy osobowej, nie ma te\u017c pochylni, informacji g\u0142osowych. Przedszkole posiada schodo\u0142az, aby zapewni\u0107 wej\u015bcie osobom niepe\u0142nosprawnym Budynek posiada korytarz oraz schody prowadz\u0105ce do sal edukacyjnych i innych pomieszcze\u0144. Schody wyposa\u017cone s\u0105 w oznaczenia kontrastowe i por\u0119cze dostosowane do os\u00f3b doros\u0142ych i dzieci. W korytarzu budynku znajduj\u0105 si\u0119 standardowe przej\u015bcia, z kt\u00f3rych mo\u017ce korzysta\u0107 osoba niepe\u0142nosprawna. Przedszkole opr\u00f3cz wyj\u015bcia g\u0142\u00f3wnego posiada 4 wyj\u015bcia ewakuacyjne, obok budynku znajduje si\u0119 podjazd dla dostawc\u00f3w lub s\u0142u\u017cb specjalnych. Przedszkole ma wydzielony parking od ulicy Ducala. Parking posiada oznakowane miejsce dla niepe\u0142nosprawnych. Dyrektor jednostki wyra\u017ca zgod\u0119 na wst\u0119p z psem asystuj\u0105cym i psem przewodnikiem. Jest te\u017c mo\u017cliwo\u015bci skorzystania z t\u0142umacza j\u0119zyka migowego online po wcze\u015bniejszym zg\u0142oszeniu.<\/p>\n<p><strong>Dost\u0119pno\u015b\u0107 komunikacyjno-informacyjna<\/strong><\/p>\n<p style=\"text-align: justify;\">Przedszkole posiada p\u0119tle indukcyjn\u0105 na potrzeby os\u00f3b niedos\u0142ysz\u0105cych<\/p>\n<p style=\"text-align: justify;\">W kontakcie z Przedszkolem Miejskim nr 10 w Ja\u015ble, osoba uprawniona (g\u0142ucha lub g\u0142uchoniewidoma) ma prawo do po\u015brednictwa osoby t\u0142umacza j\u0119zyka migowego.<\/p>\n<p style=\"text-align: justify;\"><strong>\u015awiadczenie to jest BEZP\u0141ATNE i przeznaczone dla<\/strong> os\u00f3b uprawnionych b\u0119d\u0105cych osobami niepe\u0142nosprawnymi w rozumieniu ustawy z dnia 27 sierpnia 1997 r. o rehabilitacji zawodowej i spo\u0142ecznej oraz zatrudnianiu os\u00f3b niepe\u0142nosprawnych.<\/p>\n<p style=\"text-align: justify;\"><strong>Informacja dla osoby uprawnionej<\/strong><\/p>\n<p style=\"text-align: justify;\">Osoby nies\u0142ysz\u0105ce i maj\u0105ce trudno\u015bci w komunikowaniu si\u0119, chc\u0105c za\u0142atwi\u0107 spraw\u0119 w Przedszkolu Miejskim nr 10 w Ja\u015ble&nbsp; z pomoc\u0105 t\u0142umacza j\u0119zyka migowego zobowi\u0105zane s\u0105 do zg\u0142oszenia ch\u0119ci skorzystania ze \u015bwiadczenia ze wskazaniem wybranej metody komunikowania si\u0119 z <strong>3-dniowym wyprzedzeniem<\/strong> i dokona\u0107 zg\u0142oszenia w celu rezerwacji wizyty.<\/p>\n<p>&nbsp;<\/p>\n<p><a href=\"https:\/\/www.pm10jaslo.pl\/?page_id=22343\" target=\"_blank\" rel=\"noopener\"><strong>Link do dost\u0119pno\u015bci komunikacyjno-informacyjnej<\/strong><\/a><\/p>\n<p>&nbsp;<\/p>\n<p><strong>Informacje dodatkowe<\/strong><\/p>\n<p>Na stronie internetowej mo\u017cna korzysta\u0107 ze standardowych skr\u00f3t\u00f3w klawiaturowych.<\/p>\n<p>Strona mo\u017ce wykorzystywa\u0107 technologie wspieraj\u0105ce dost\u0119pno\u015b\u0107, takie jak:<\/p>\n<ul>\n<li>mo\u017cliwo\u015b\u0107 powi\u0119kszania tekstu,<\/li>\n<li>wysoki kontrast,<\/li>\n<li>obs\u0142uga czytnik\u00f3w ekranowych.<\/li>\n<\/ul>\n","protected":false},"excerpt":{"rendered":"<p>&nbsp; &nbsp; &nbsp; &nbsp; Przedszkole Miejskie nr 10 w Ja\u015ble zobowi\u0105zuje si\u0119 zapewni\u0107 dost\u0119pno\u015b\u0107 swojej strony internetowej zgodnie z przepisami ustawy z dnia 4 kwietnia 2019 r. o dost\u0119pno\u015bci cyfrowej stron internetowych i aplikacji mobilnych podmiot\u00f3w publicznych. O\u015bwiadczenie w sprawie dost\u0119pno\u015bci ma zastosowanie do strony internetowej http:\/\/www.pm10jaslo.pl\/ &nbsp; Data publikacji\u2026 <a class=\"continue-reading-link\" href=\"https:\/\/www.pm10jaslo.pl\/?page_id=20350\">Czytaj dalej<\/a><\/p>\n","protected":false},"author":1,"featured_media":0,"parent":0,"menu_order":0,"comment_status":"closed","ping_status":"closed","template":"","meta":{"ngg_post_thumbnail":0,"footnotes":""},"class_list":["post-20350","page","type-page","status-publish","hentry"],"_links":{"self":[{"href":"https:\/\/www.pm10jaslo.pl\/index.php?rest_route=\/wp\/v2\/pages\/20350","targetHints":{"allow":["GET"]}}],"collection":[{"href":"https:\/\/www.pm10jaslo.pl\/index.php?rest_route=\/wp\/v2\/pages"}],"about":[{"href":"https:\/\/www.pm10jaslo.pl\/index.php?rest_route=\/wp\/v2\/types\/page"}],"author":[{"embeddable":true,"href":"https:\/\/www.pm10jaslo.pl\/index.php?rest_route=\/wp\/v2\/users\/1"}],"replies":[{"embeddable":true,"href":"https:\/\/www.pm10jaslo.pl\/index.php?rest_route=%2Fwp%2Fv2%2Fcomments&post=20350"}],"version-history":[{"count":34,"href":"https:\/\/www.pm10jaslo.pl\/index.php?rest_route=\/wp\/v2\/pages\/20350\/revisions"}],"predecessor-version":[{"id":22360,"href":"https:\/\/www.pm10jaslo.pl\/index.php?rest_route=\/wp\/v2\/pages\/20350\/revisions\/22360"}],"wp:attachment":[{"href":"https:\/\/www.pm10jaslo.pl\/index.php?rest_route=%2Fwp%2Fv2%2Fmedia&parent=20350"}],"curies":[{"name":"wp","href":"https:\/\/api.w.org\/{rel}","templated":true}]}}