{"id":1862,"date":"2015-02-14T20:11:33","date_gmt":"2015-02-14T20:11:33","guid":{"rendered":"http:\/\/www.pm10jaslo.pl\/?page_id=1862"},"modified":"2020-01-02T18:08:13","modified_gmt":"2020-01-02T18:08:13","slug":"akcje-i-wolontariat","status":"publish","type":"page","link":"https:\/\/www.pm10jaslo.pl\/?page_id=1862","title":{"rendered":"Akcje i wolontariat"},"content":{"rendered":"<hr>\n<p style=\"text-align: center;\">Zach\u0119camy wszystkich Rodzic\u00f3w, jak r\u00f3wnie\u017c nasze przedszkolaki, do brania udzia\u0142u w popieranych przez nas akcjach. Czasami ma\u0142y gest lub odrobina dobrych ch\u0119ci potrafi\u0105 odmieni\u0107 ludzkie \u017cycie lub przyczyni\u0107 si\u0119 do polepszenia stanu \u015brodowiska naturalnego. Nie b\u0105d\u017amy oboj\u0119tni na ludzk\u0105 krzywd\u0119! Dbajmy o nasze \u015brodowisko!<br \/>\nTak niewiele potrzeba by na \u015bwiecie by\u0142o lepiej.<\/p>\n<hr>\n<p style=\"text-align: center;\"><span style=\"color: #0000ff;\"><strong>Akcja #RazemNa\u015awi\u0119ta<\/strong><\/span><\/p>\n<p><img loading=\"lazy\" decoding=\"async\" class=\"aligncenter size-full wp-image-17636\" src=\"http:\/\/www.pm10jaslo.pl\/wp-content\/uploads\/2020\/01\/razemnasw.jpg\" alt=\"\" width=\"301\" height=\"150\" srcset=\"https:\/\/www.pm10jaslo.pl\/wp-content\/uploads\/2020\/01\/razemnasw.jpg 301w, https:\/\/www.pm10jaslo.pl\/wp-content\/uploads\/2020\/01\/razemnasw-250x125.jpg 250w, https:\/\/www.pm10jaslo.pl\/wp-content\/uploads\/2020\/01\/razemnasw-150x75.jpg 150w\" sizes=\"auto, (max-width: 301px) 100vw, 301px\" \/><\/p>\n<p style=\"text-align: justify;\">Dzieci z naszego przedszkola w\u0142\u0105czy\u0142y si\u0119 &nbsp;w akcj\u0119 #RazemNa\u015awi\u0119ta organizowana przez Ministerstwo Edukacji Narodowej. Nasza plac\u00f3wka zorganizowa\u0142a zbi\u00f3rk\u0119 dar\u00f3w dla lokalnego schroniska dla zwierz\u0105t. <span id=\"more-17594\"><\/span>Dobrze wszyscy wiemy, \u017ce akcje charytatywne ucz\u0105 &nbsp;nasze dzieci dostrzega\u0107, \u017ce czasami bardzo blisko nas jest kto\u015b, kto potrzebuje naszej pomocy i wsparcia. To dzi\u0119ki wspania\u0142ym przedszkolakom i ich rodzicom o wielkich sercach uda\u0142o si\u0119 zebra\u0107 wiele cennych dar\u00f3w, kt\u00f3re zosta\u0142y przekazane dla potrzebuj\u0105cych zwierz\u0105t. Takie &nbsp;dzia\u0142ania uwra\u017cliwiaj\u0105 na potrzeby innych, integruj\u0105 \u015brodowisko, ucz\u0105 empatii, wi\u0119kszej wra\u017cliwo\u015bci na potrzeby, a przede wszystkim tego, \u017ce razem mo\u017cemy wi\u0119cej. Przedszkolaki udowodni\u0142y, \u017ce maj\u0105 wielkie serca. Wsp\u00f3lnie da\u0142o &nbsp;si\u0119 zebra\u0107 karm\u0119 such\u0105 i mokr\u0105 dla ps\u00f3w oraz kot\u00f3w, zabawki dla zwierz\u0105t, smyczki,&nbsp; oraz \u015brodki czysto\u015bci. Bardzo dzi\u0119kujemy naszym przedszkolakom i ich rodzicom&nbsp; za okazane serce i wyci\u0105gni\u0119t\u0105 pomocn\u0105 d\u0142o\u0144!<\/p>\n<hr>\n<p style=\"text-align: center;\"><span style=\"color: #0000ff;\"><strong>Akcja &#8222;Sprz\u0105tanie \u015bwiata&#8221;<\/strong><\/span><\/p>\n<p style=\"text-align: center;\"><img loading=\"lazy\" decoding=\"async\" class=\"aligncenter size-full wp-image-2360\" src=\"http:\/\/www.pm10jaslo.pl\/wp-content\/uploads\/2015\/02\/\u015bwiat.jpg\" alt=\"\u015bwiat\" width=\"160\" height=\"170\" srcset=\"https:\/\/www.pm10jaslo.pl\/wp-content\/uploads\/2015\/02\/\u015bwiat.jpg 160w, https:\/\/www.pm10jaslo.pl\/wp-content\/uploads\/2015\/02\/\u015bwiat-141x150.jpg 141w\" sizes=\"auto, (max-width: 160px) 100vw, 160px\" \/><\/p>\n<p style=\"text-align: justify;\">Do Polski \u201eSprz\u0105tanie \u015awiata\u201d&nbsp;&nbsp; sprowadzi\u0142a w 1994 roku za\u0142o\u017cycielka Fundacji Nasza Ziemia \u2013 Mira Stanis\u0142awska-Meysztowicz. Od tej pory kampania organizowana jest nieprzerwanie co roku, zawsze w trzecim tygodniu wrze\u015bnia, staj\u0105c si\u0119 jedn\u0105 z najstarszych i najwi\u0119kszych kampanii z zakresu edukacji ekologicznej w naszym kraju. Celem akcji jest: propagowanie i inicjowanie postaw odpowiedzialnych wzgl\u0119dem \u015brodowiska, zw\u0142aszcza poprzez nie\u015bmiecenie i racjonaln\u0105 gospodark\u0119 odpadami. I tak&nbsp; tradycyjnie dzieci z grup starszych z naszego przedszkola co roku w\u0142\u0105czaj\u0105 si\u0119 w akcj\u0119 \u201eSprz\u0105tanie \u015bwiata\u201d sprz\u0105taj\u0105 ogr\u00f3d przedszkolny i najbli\u017csze otoczenie. Poprzez udzia\u0142 w akcji rozwijamy w dzieciach potrzeb\u0119 dbania o przyrod\u0119 po to, aby mog\u0142y korzysta\u0107 z jej urok\u00f3w.<strong><br \/>\n<\/strong><\/p>\n<hr>\n<p style=\"text-align: center;\">&nbsp;<span style=\"color: #0000ff;\"><strong>Akcja<\/strong> \u201e<strong>Czerwonokrzyska Gwiazdka\u201d<\/strong><\/span><\/p>\n<p style=\"text-align: center;\"><img loading=\"lazy\" decoding=\"async\" class=\"aligncenter size-full wp-image-9169\" src=\"http:\/\/www.pm10jaslo.pl\/wp-content\/uploads\/2015\/02\/gwiazda.jpg\" alt=\"gwiazda\" width=\"222\" height=\"203\" srcset=\"https:\/\/www.pm10jaslo.pl\/wp-content\/uploads\/2015\/02\/gwiazda.jpg 222w, https:\/\/www.pm10jaslo.pl\/wp-content\/uploads\/2015\/02\/gwiazda-164x150.jpg 164w, https:\/\/www.pm10jaslo.pl\/wp-content\/uploads\/2015\/02\/gwiazda-150x137.jpg 150w\" sizes=\"auto, (max-width: 222px) 100vw, 222px\" \/><\/p>\n<p style=\"text-align: justify;\">\u015awi\u0119ta Bo\u017cego Narodzenia, to szczeg\u00f3lny okres dla os\u00f3b potrzebuj\u0105cych wsparcia. Pracownicy i wolontariusze Polskiego Czerwonego Krzy\u017ca w miesi\u0105cu&nbsp; grudniu prowadz\u0105 akcj\u0119 <strong>Czerwonokrzyskiej Gwiazdki, <\/strong><strong>a w naszym przedszkolu przedstawiciele przedszkolnego Klubu \u201eWiewi\u00f3rka\u201d.<\/strong><strong> Og\u00f3lnopolska akcja pomocy \u015bwi\u0105tecznej<\/strong> kierowana jest do najubo\u017cszych, opuszczonych, do rodzin wielodzietnych, do bezrobotnych, bezdomnych, chorych, oraz os\u00f3b samotnie wychowuj\u0105cych dzieci. Z zebranych dar\u00f3w robione s\u0105 paczki dla potrzebuj\u0105cych.<\/p>\n<hr>\n<p style=\"text-align: center;\"><span style=\"color: #0000ff;\"><strong>Akcja \u201ePom\u00f3\u017c dzieciom przetrwa\u0107 zim\u0119\u201d <\/strong>organizowana przez MOPS w Ja\u015ble<\/span><\/p>\n<p style=\"text-align: center;\"><img loading=\"lazy\" decoding=\"async\" class=\"aligncenter size-medium wp-image-2377\" src=\"http:\/\/www.pm10jaslo.pl\/wp-content\/uploads\/2015\/02\/zima-300x138.jpg\" alt=\"zima\" width=\"300\" height=\"138\" srcset=\"https:\/\/www.pm10jaslo.pl\/wp-content\/uploads\/2015\/02\/zima-300x138.jpg 300w, https:\/\/www.pm10jaslo.pl\/wp-content\/uploads\/2015\/02\/zima-250x115.jpg 250w, https:\/\/www.pm10jaslo.pl\/wp-content\/uploads\/2015\/02\/zima-150x69.jpg 150w, https:\/\/www.pm10jaslo.pl\/wp-content\/uploads\/2015\/02\/zima.jpg 331w\" sizes=\"auto, (max-width: 300px) 100vw, 300px\" \/><\/p>\n<p style=\"text-align: justify;\">Nasze przedszkole co roku bierze udzia\u0142 w og\u00f3lnopolskiej akcji <strong>\u201ePom\u00f3\u017c dzieciom przetrwa\u0107 zim\u0119\u201d.<\/strong> <strong>Celem akcji jest:<\/strong> zebranie dar\u00f3w w postaci zabawek, artyku\u0142\u00f3w szkolnych i papierniczych, \u015brodk\u00f3w czysto\u015bci i higieny osobistej, s\u0142odyczy oraz produkt\u00f3w spo\u017cywczych nadaj\u0105cych si\u0119 do d\u0142ugotrwa\u0142ego przechowywania. Zebrane dary przekazane s\u0105 ka\u017cdego roku do Terenowego Sztabu Akcji dzia\u0142aj\u0105cego przy Miejskim O\u015brodku Pomocy Spo\u0142ecznej w Ja\u015ble, gdzie zostaj\u0105 podzielone na paczki i przekazane dzieciom z rodzin wielodzietnych, niepe\u0142nych, rozbitych oraz b\u0119d\u0105cych w trudnej sytuacji materialnej, kt\u00f3re zamieszkuj\u0105 na terenie miasta Jas\u0142a.<\/p>\n<hr>\n<p style=\"text-align: center;\"><span style=\"color: #0000ff;\"><strong>Akcja \u201eG\u00f3ra Grosza\u201d<\/strong><\/span><\/p>\n<p style=\"text-align: center;\"><img loading=\"lazy\" decoding=\"async\" class=\"aligncenter wp-image-2380\" src=\"http:\/\/www.pm10jaslo.pl\/wp-content\/uploads\/2015\/02\/grosz.jpg\" alt=\"grosz\" width=\"170\" height=\"147\" srcset=\"https:\/\/www.pm10jaslo.pl\/wp-content\/uploads\/2015\/02\/grosz.jpg 241w, https:\/\/www.pm10jaslo.pl\/wp-content\/uploads\/2015\/02\/grosz-173x150.jpg 173w, https:\/\/www.pm10jaslo.pl\/wp-content\/uploads\/2015\/02\/grosz-150x130.jpg 150w\" sizes=\"auto, (max-width: 170px) 100vw, 170px\" \/><\/p>\n<p style=\"text-align: justify;\">Co roku, na prze\u0142omie&nbsp; listopada i grudnia w naszym przedszkolu odbywa si\u0119 wielka zbi\u00f3rka monet \u201eG\u00f3ra Grosza\u201d prowadzonej przez Towarzystwo Nasz Dom. Celem akcji jest: zebranie funduszy na pomoc dzieciom wychowuj\u0105cym si\u0119 poza w\u0142asna rodzin\u0105, w tym na tworzenie i dofinansowanie dom\u00f3w dla dzieci, rodzinnych dom\u00f3w dziecka, pogotowi rodzinnych, zawodowych rodzin zast\u0119pczych oraz najbardziej potrzebuj\u0105cych dom\u00f3w dziecka. Po\u015brednim, ale najwa\u017cniejszym celem akcji jest dzia\u0142anie edukacyjne \u2013 pokazanie najm\u0142odszym, jak\u0105 si\u0142\u0119 stanowi\u0107 mo\u017ce niewielka pomoc wielu ludzi i wsp\u00f3lne dzia\u0142anie dla dobra potrzebuj\u0105cych. Przedszkolaki&nbsp; nie zawodz\u0105, ka\u017cdy przynosi tyle, ile mo\u017ce \u2013 w my\u015bl zasady:<\/p>\n<p style=\"text-align: center;\"><em>\u201eJeden grosz znaczy niewiele, ale G\u00f3ra Grosza jest najwi\u0119ksza na&nbsp;\u015bwiecie.\u201d<\/em><strong><br \/>\n<\/strong><\/p>\n<hr>\n<p style=\"text-align: center;\"><span style=\"color: #0000ff;\"><strong>Akcja zbi\u00f3rki zu\u017cytych baterii<\/strong><\/span><\/p>\n<p style=\"text-align: center;\">&nbsp;<img loading=\"lazy\" decoding=\"async\" class=\"aligncenter wp-image-2390\" src=\"http:\/\/www.pm10jaslo.pl\/wp-content\/uploads\/2015\/02\/ghty.jpg\" alt=\"ghty\" width=\"170\" height=\"170\" srcset=\"https:\/\/www.pm10jaslo.pl\/wp-content\/uploads\/2015\/02\/ghty.jpg 225w, https:\/\/www.pm10jaslo.pl\/wp-content\/uploads\/2015\/02\/ghty-150x150.jpg 150w\" sizes=\"auto, (max-width: 170px) 100vw, 170px\" \/><\/p>\n<p style=\"text-align: justify;\"><strong>\u201eZbi\u00f3rka zu\u017cytych baterii\u201d<\/strong> organizowana jest przez Wydzia\u0142 Ochrony \u015arodowiska Urz\u0119du Miasta w Ja\u015ble. Celem konkursu jest ochrona \u015brodowiska naturalnego przed niebezpiecznymi odpadami oraz edukacja ekologiczna dzieci.<\/p>\n<p style=\"text-align: center;\"><strong>ZU\u017bYTE BATERIE ZBIERAMY \u2013 O NASZ\u0104 PLANET\u0118 DBAMY I NAGRODY ZA TO MAMY !!! <\/strong><\/p>\n<p style=\"text-align: center;\"><strong><em>\u201eMusimy dba\u0107 o \u015brodowisko ekologiczne, poniewa\u017c ono stanowi cz\u0119\u015b\u0107 nas, a my jeste\u015bmy jego cz\u0119\u015bci\u0105\u201d.(H. Skolimowski)<\/em><\/strong><\/p>\n<p style=\"text-align: justify;\">Zu\u017cyte baterie wyrzucane w spos\u00f3b niekontrolowany stanowi\u0105 wielkie zagro\u017cenie dla \u015brodowiska. Substancje w nich zawarte mog\u0105 zanieczyszcza\u0107 gleb\u0119 i wod\u0119 oraz po\u015brednio szkodzi\u0107 zdrowiu cz\u0142owieka. Poprzez udzia\u0142 w tej akcji pragniemy przyczyni\u0107 si\u0119 do zmiany w sposobie dotychczasowego my\u015blenia i zachowania cz\u0142owieka wpajaj\u0105c dzieciom przy wsp\u00f3\u0142udziale Rodzic\u00f3w w\u0142a\u015bciwe nawyki dotycz\u0105ce ochrony \u015brodowiska naturalnego.<\/p>\n<hr>\n<p style=\"text-align: center;\"><span style=\"color: #0000ff;\"><strong>Akcja charytatywna pod has\u0142em: \u201eDzieci, dzieciom\u201d<\/strong><\/span><\/p>\n<p style=\"text-align: center;\"><img loading=\"lazy\" decoding=\"async\" class=\"aligncenter size-medium wp-image-2393\" src=\"http:\/\/www.pm10jaslo.pl\/wp-content\/uploads\/2015\/02\/dzieci-300x68.jpg\" alt=\"dzieci\" width=\"300\" height=\"68\" srcset=\"https:\/\/www.pm10jaslo.pl\/wp-content\/uploads\/2015\/02\/dzieci-300x68.jpg 300w, https:\/\/www.pm10jaslo.pl\/wp-content\/uploads\/2015\/02\/dzieci-250x57.jpg 250w, https:\/\/www.pm10jaslo.pl\/wp-content\/uploads\/2015\/02\/dzieci-150x34.jpg 150w, https:\/\/www.pm10jaslo.pl\/wp-content\/uploads\/2015\/02\/dzieci.jpg 470w\" sizes=\"auto, (max-width: 300px) 100vw, 300px\" \/><\/p>\n<p style=\"text-align: center;\"><em>\u201eKa\u017cdy chce kocha\u0107 i by\u0107 kochanym nie r\u00f3\u017cni\u0107 sie od reszty \u015bwiata,<\/em><br \/>\n<em> mie\u0107 zwyczajny los, mimo, \u017ce nie jest zwyczajny\u201d<\/em><\/p>\n<p style=\"text-align: justify;\">Akcji charytatywnej pod has\u0142em ,,Dzieci dzieciom\u201d organizowana jest przez&nbsp; oddzia\u0142 Caritas Polska. Jest to coroczna akcja Miko\u0142ajowa dla dzieci z najbiedniejszych rodzin Jas\u0142a i okolic. Polega na zbi\u00f3rce pieni\u0119dzy, kt\u00f3re przekazywane s\u0105 podczas Przegl\u0105du piosenki ,,Jesie\u0144 nie musi by\u0107 smutna\u201d organizowanego przez Przedszkole Miejskie Nr 3 w Ja\u015ble.<\/p>\n<hr>\n<p style=\"text-align: center;\"><span style=\"color: #0000ff;\"><strong>Akcja charytatywna pod has\u0142em: \u201eNakr\u0119tki dla Kacperka\u201d<\/strong><\/span><\/p>\n<p style=\"text-align: center;\"><img loading=\"lazy\" decoding=\"async\" class=\"aligncenter wp-image-2510\" src=\"http:\/\/www.pm10jaslo.pl\/wp-content\/uploads\/2015\/02\/nakretki-plakat-big.jpg\" alt=\"nakretki-plakat-big\" width=\"170\" height=\"137\" srcset=\"https:\/\/www.pm10jaslo.pl\/wp-content\/uploads\/2015\/02\/nakretki-plakat-big.jpg 300w, https:\/\/www.pm10jaslo.pl\/wp-content\/uploads\/2015\/02\/nakretki-plakat-big-187x150.jpg 187w, https:\/\/www.pm10jaslo.pl\/wp-content\/uploads\/2015\/02\/nakretki-plakat-big-150x121.jpg 150w\" sizes=\"auto, (max-width: 170px) 100vw, 170px\" \/><\/p>\n<p style=\"text-align: justify;\">Od kilku lat w naszym przedszkolu prowadzona jest akcja zbierania plastikowych nakr\u0119tek. Obecnie zbieramy nakr\u0119tki na rehabilitacj\u0119 dla Kacperka, kt\u00f3ry choruje na m\u00f3zgowe pora\u017cenie dzieci\u0119ce i padaczk\u0119 lekooporn\u0105. Czasami wystarczy tak niewiele aby pom\u00f3c potrzebuj\u0105cemu, choremu cz\u0142owiekowi. Ma\u0142a, niepozorna nakr\u0119tka mo\u017ce komu\u015b pom\u00f3c! Dzi\u0119ki tej akcji ju\u017c ma\u0142e dzieci ucz\u0105 si\u0119, \u017ce wystarcz\u0105 dobre ch\u0119ci i wielkie serce do niesienia pomocy s\u0142abszym, bowiem \u201eRAZEM ZDZIA\u0141AMY WI\u0118CEJ!\u201d<\/p>\n<hr>\n<p style=\"text-align: center;\"><span style=\"color: #0000ff;\"><strong>Ekologiczna akcja \u201eKomputery za tonery\u201d<\/strong><\/span><\/p>\n<p style=\"text-align: center;\"><img loading=\"lazy\" decoding=\"async\" class=\"aligncenter size-full wp-image-2513\" src=\"http:\/\/www.pm10jaslo.pl\/wp-content\/uploads\/2015\/02\/tonery.jpg\" alt=\"tonery\" width=\"200\" height=\"81\" srcset=\"https:\/\/www.pm10jaslo.pl\/wp-content\/uploads\/2015\/02\/tonery.jpg 200w, https:\/\/www.pm10jaslo.pl\/wp-content\/uploads\/2015\/02\/tonery-150x61.jpg 150w\" sizes=\"auto, (max-width: 200px) 100vw, 200px\" \/><\/p>\n<p>Przedszkole uczestniczy w XVI edycji og\u00f3lnopolskiej akcji ekologicznej. Akcja polega na zbi\u00f3rce odpad\u00f3w b\u0119d\u0105cych problemem wsp\u00f3\u0142czesnej cywilizacji \u2013 zu\u017cytych pustych kartrid\u017cy z drukarek atramentowych i laserowych.<\/p>\n<hr>\n<p style=\"text-align: center;\"><span style=\"color: #0000ff;\"><strong>Antonia\u0144ski Dar Serca<\/strong><\/span><\/p>\n<p style=\"text-align: center;\"><img loading=\"lazy\" decoding=\"async\" class=\"aligncenter wp-image-9179\" src=\"http:\/\/www.pm10jaslo.pl\/wp-content\/uploads\/2015\/02\/anton-dar-serca.jpg\" alt=\"anton-dar-serca\" width=\"200\" height=\"142\" srcset=\"https:\/\/www.pm10jaslo.pl\/wp-content\/uploads\/2015\/02\/anton-dar-serca.jpg 266w, https:\/\/www.pm10jaslo.pl\/wp-content\/uploads\/2015\/02\/anton-dar-serca-211x150.jpg 211w, https:\/\/www.pm10jaslo.pl\/wp-content\/uploads\/2015\/02\/anton-dar-serca-150x107.jpg 150w\" sizes=\"auto, (max-width: 200px) 100vw, 200px\" \/><\/p>\n<p style=\"text-align: justify;\">Sanktuarium \u015aw. Antoniego w Ja\u015ble i Jasielski Dom Kultury co roku przygotowuje akcj\u0119 charytatywn\u0105 nazwan\u0105&nbsp; pod nazw\u0105 Antonia\u0144ski Dar Serca. Patronem akcji jest \u015bw. Antoni, kt\u00f3ry podczas swego ziemskiego \u017cycia bra\u0142 pod opiek\u0119 ludzi zagubionych, pokrzywdzonych i chorych. G\u0142\u00f3wnym celem akcji jest promowanie postawy mi\u0142o\u015bci i mi\u0142osierdzia wzgl\u0119dem os\u00f3b potrzebuj\u0105cych pomocy. S\u0142u\u017cy\u0107 temu maj\u0105 przygotowane przez szko\u0142y i przedszkola prezentacje i koncerty. W naszym przedszkolu co roku, odbywa si\u0119 tak\u017ce <strong>zbi\u00f3rka pieni\u0119dzy na rzecz Szpitala Specjalistycznego w Ja\u015ble<\/strong><strong>. <\/strong><\/p>\n<hr>\n<h5 style=\"text-align: justify;\"><img loading=\"lazy\" decoding=\"async\" class=\"aligncenter wp-image-12894 size-medium\" src=\"http:\/\/www.pm10jaslo.pl\/wp-content\/uploads\/2015\/01\/misie-ratownisie-300x114.jpg\" alt=\"\" width=\"300\" height=\"114\" srcset=\"https:\/\/www.pm10jaslo.pl\/wp-content\/uploads\/2015\/01\/misie-ratownisie-300x114.jpg 300w, https:\/\/www.pm10jaslo.pl\/wp-content\/uploads\/2015\/01\/misie-ratownisie-768x292.jpg 768w, https:\/\/www.pm10jaslo.pl\/wp-content\/uploads\/2015\/01\/misie-ratownisie-1024x390.jpg 1024w, https:\/\/www.pm10jaslo.pl\/wp-content\/uploads\/2015\/01\/misie-ratownisie-250x95.jpg 250w, https:\/\/www.pm10jaslo.pl\/wp-content\/uploads\/2015\/01\/misie-ratownisie-150x57.jpg 150w\" sizes=\"auto, (max-width: 300px) 100vw, 300px\" \/><\/h5>\n<p style=\"text-align: justify;\">Nasze przedszkolaki w\u0142\u0105czy\u0142y si\u0119 w akcj\u0119 &#8222;Misie Ratownisie&#8221;, kt\u00f3ra polega na zbi\u00f3rce pluszak\u00f3w oraz przekazaniu ich do jednostek Stra\u017cy Po\u017carnych, zespo\u0142\u00f3w Ratownictwa Medycznego i innych s\u0142u\u017cb, aby by\u0142y one wsparciem dla najm\u0142odszych w ci\u0119\u017ckich chwilach! Mi\u015b ratowni\u015b w \u015bwiadomo\u015bci dziecka uosabia domowe ciep\u0142o, bezpiecze\u0144stwo, czu\u0142\u0105 i serdeczn\u0105 blisko\u015b\u0107 rodzic\u00f3w, czyli wszystko to, co traci ono w wyniku np. nieszcz\u0119\u015bliwego wypadku. Dlatego w sytuacjach, ki<span class=\"text_exposed_show\">edy potrzebne jest znalezienie zast\u0119pczego \u017ar\u00f3d\u0142a oparcia, skupienie \/ odwr\u00f3cenie uwagi czy nawi\u0105zaniu kontaktu z dzieckiem pluszak mo\u017ce okaza\u0107 si\u0119 bardzo u\u017cyteczny! <\/span>Mi\u015b ratowni\u015b pomaga dziecku wyciszy\u0107 si\u0119, prze\u0142ama\u0107 nie\u015bmia\u0142o\u015b\u0107. Dla dzieci wypadek, pobyt w karetce, szpitalu to wielki szok. W tych chwilach pocieszy ich pluszak. Mi\u015b absorbuje uwag\u0119 dziecka, odwraca j\u0105 od &#8222;tragicznego&#8221; otoczenia.<\/p>\n<hr>\n<div class=\"text_exposed_show\">\n<p style=\"text-align: right;\"><strong>Powr\u00f3t do: <a title=\"Nasze sukcesy\" href=\"http:\/\/www.pm10jaslo.pl\/?page_id=50\">NASZE SUKCESY <\/a><\/strong><\/p>\n<\/div>\n","protected":false},"excerpt":{"rendered":"<p>Zach\u0119camy wszystkich Rodzic\u00f3w, jak r\u00f3wnie\u017c nasze przedszkolaki, do brania udzia\u0142u w popieranych przez nas akcjach. Czasami ma\u0142y gest lub odrobina dobrych ch\u0119ci potrafi\u0105 odmieni\u0107 ludzkie \u017cycie lub przyczyni\u0107 si\u0119 do polepszenia stanu \u015brodowiska naturalnego. Nie b\u0105d\u017amy oboj\u0119tni na ludzk\u0105 krzywd\u0119! Dbajmy o nasze \u015brodowisko! Tak niewiele potrzeba by na \u015bwiecie\u2026 <a class=\"continue-reading-link\" href=\"https:\/\/www.pm10jaslo.pl\/?page_id=1862\">Czytaj dalej<\/a><\/p>\n","protected":false},"author":1,"featured_media":0,"parent":0,"menu_order":0,"comment_status":"closed","ping_status":"open","template":"","meta":{"ngg_post_thumbnail":0,"footnotes":""},"class_list":["post-1862","page","type-page","status-publish","hentry"],"_links":{"self":[{"href":"https:\/\/www.pm10jaslo.pl\/index.php?rest_route=\/wp\/v2\/pages\/1862","targetHints":{"allow":["GET"]}}],"collection":[{"href":"https:\/\/www.pm10jaslo.pl\/index.php?rest_route=\/wp\/v2\/pages"}],"about":[{"href":"https:\/\/www.pm10jaslo.pl\/index.php?rest_route=\/wp\/v2\/types\/page"}],"author":[{"embeddable":true,"href":"https:\/\/www.pm10jaslo.pl\/index.php?rest_route=\/wp\/v2\/users\/1"}],"replies":[{"embeddable":true,"href":"https:\/\/www.pm10jaslo.pl\/index.php?rest_route=%2Fwp%2Fv2%2Fcomments&post=1862"}],"version-history":[{"count":59,"href":"https:\/\/www.pm10jaslo.pl\/index.php?rest_route=\/wp\/v2\/pages\/1862\/revisions"}],"predecessor-version":[{"id":17637,"href":"https:\/\/www.pm10jaslo.pl\/index.php?rest_route=\/wp\/v2\/pages\/1862\/revisions\/17637"}],"wp:attachment":[{"href":"https:\/\/www.pm10jaslo.pl\/index.php?rest_route=%2Fwp%2Fv2%2Fmedia&parent=1862"}],"curies":[{"name":"wp","href":"https:\/\/api.w.org\/{rel}","templated":true}]}}